{"id":83513,"date":"2018-01-17T17:46:29","date_gmt":"2018-01-17T15:46:29","guid":{"rendered":"https:\/\/www.germanopratines.fr\/?page_id=83513"},"modified":"2023-05-01T13:23:55","modified_gmt":"2023-05-01T11:23:55","slug":"museums","status":"publish","type":"page","link":"https:\/\/www.germanopratines.fr\/en\/culture\/museums\/","title":{"rendered":"Museums"},"content":{"rendered":"<div id='av_section_1'  class='avia-section av-av_section-2dcda1862a94bb522b437cf4f29dd74d main_color avia-section-default avia-no-shadow  avia-builder-el-0  avia-builder-el-no-sibling  avia-bg-style-scroll container_wrap fullsize'  ><div class='container av-section-cont-open' ><main  role=\"main\" itemprop=\"mainContentOfPage\"  class='template-page content  av-content-full alpha units'><div class='post-entry post-entry-type-page post-entry-83513'><div class='entry-content-wrapper clearfix'>\n\n<style type=\"text\/css\" data-created_by=\"avia_inline_auto\" id=\"style-css-av-av_heading-0e36fdc56b6a718920260e72e3d6b36c\">\n#top .av-special-heading.av-av_heading-0e36fdc56b6a718920260e72e3d6b36c{\npadding-bottom:10px;\n}\nbody .av-special-heading.av-av_heading-0e36fdc56b6a718920260e72e3d6b36c .av-special-heading-tag .heading-char{\nfont-size:25px;\n}\n.av-special-heading.av-av_heading-0e36fdc56b6a718920260e72e3d6b36c .av-subheading{\nfont-size:15px;\n}\n<\/style>\n<div  class='av-special-heading av-av_heading-0e36fdc56b6a718920260e72e3d6b36c av-special-heading-h1  avia-builder-el-1  el_before_av_one_full  avia-builder-el-first '><h1 class='av-special-heading-tag'  itemprop=\"headline\"  >Museums<\/h1><div class=\"special-heading-border\"><div class=\"special-heading-inner-border\"><\/div><\/div><\/div>\n\n<style type=\"text\/css\" data-created_by=\"avia_inline_auto\" id=\"style-css-av-av_one_full-15d750bd1b332b34c6e70b077ebbccdf\">\n.flex_column.av-av_one_full-15d750bd1b332b34c6e70b077ebbccdf{\n-webkit-border-radius:0px 0px 0px 0px;\n-moz-border-radius:0px 0px 0px 0px;\nborder-radius:0px 0px 0px 0px;\npadding:0px 0px 0px 0px;\n}\n<\/style>\n<div class='flex_column av-av_one_full-15d750bd1b332b34c6e70b077ebbccdf av_one_full  avia-builder-el-2  el_after_av_heading  avia-builder-el-last  first flex_column_div av-zero-column-padding '     ><div id='av-masonry-1' class='av-masonry av-lh4r5td7-3ebe060fe711c57bda8eb9d666eefb6c noHover av-fixed-size av-large-gap av-hover-overlay-active av-masonry-animation-active av-masonry-col-3 av-caption-always av-caption-style-overlay av-masonry-entries ' data-post_id=\"83513\"><div class=\"av-masonry-container isotope av-js-disabled\"><div class='av-masonry-entry isotope-item av-masonry-item-no-image '><\/div><a href=\"https:\/\/www.germanopratines.fr\/en\/culture\/museums\/la-maison-gainsbourg\/\"  id='av-masonry-1-item-131205' data-av-masonry-item='131205' class='av-masonry-entry isotope-item post-131205 post type-post status-publish format-standard has-post-thumbnail hentry category-museums  av-masonry-item-with-image' title=\"La Maison Gainsbourg Paris 10\"   itemscope=\"itemscope\" itemtype=\"https:\/\/schema.org\/CreativeWork\" ><div class='av-inner-masonry-sizer'><\/div><figure class='av-inner-masonry main_color'><div class=\"av-masonry-outerimage-container\"><div class='av-masonry-image-container' style=\"background-image: url(https:\/\/www.germanopratines.fr\/wp-content\/uploads\/2023\/08\/La-Maison-Gainsbourg-Paris-10-705x518.jpg);\"  title=\"La Maison Gainsbourg Paris 10\"  ><\/div><\/div><figcaption class='av-inner-masonry-content site-background'><div class='av-inner-masonry-content-pos'><div class='av-inner-masonry-content-pos-content'><div class='avia-arrow'><\/div><div class=\"conteneur-category\"><span class=\"category-post\" alt=\"View all posts in Museums\">Museums<\/span><\/div><h3 class='av-masonry-entry-title entry-title '  itemprop=\"headline\" >MAISON GAINSBOURG<\/h3><span class='av-masonry-date meta-color updated'>24 August 2023<\/span><span class=\"av-masonry-text-sep text-sep-author\">\/<\/span><span class='av-masonry-author meta-color author'><span class='fn'>by H\u00e9l\u00e8ne<\/span><\/span><\/div><\/div><\/figcaption><\/figure><\/a><!--end av-masonry entry--><a href=\"https:\/\/www.germanopratines.fr\/en\/culture\/museums\/institut-giacometti\/\"  id='av-masonry-1-item-104981' data-av-masonry-item='104981' class='av-masonry-entry isotope-item post-104981 post type-post status-publish format-standard has-post-thumbnail hentry category-museums  av-masonry-item-with-image' title=\"INSTITUT GIACOMETTI Paris &#8211; 2\"   itemscope=\"itemscope\" itemtype=\"https:\/\/schema.org\/CreativeWork\" ><div class='av-inner-masonry-sizer'><\/div><figure class='av-inner-masonry main_color'><div class=\"av-masonry-outerimage-container\"><div class='av-masonry-image-container' style=\"background-image: url(https:\/\/www.germanopratines.fr\/wp-content\/uploads\/2019\/07\/INSTITUT-GIACOMETTI-Paris-2-471x705.jpg);\"  title=\"INSTITUT GIACOMETTI Paris &#8211; 2\"  ><\/div><\/div><figcaption class='av-inner-masonry-content site-background'><div class='av-inner-masonry-content-pos'><div class='av-inner-masonry-content-pos-content'><div class='avia-arrow'><\/div><div class=\"conteneur-category\"><span class=\"category-post\" alt=\"View all posts in Museums\">Museums<\/span><\/div><h3 class='av-masonry-entry-title entry-title '  itemprop=\"headline\" >INSTITUT GIACOMETTI<\/h3><span class='av-masonry-date meta-color updated'>21 September 2019<\/span><span class=\"av-masonry-text-sep text-sep-author\">\/<\/span><span class='av-masonry-author meta-color author'><span class='fn'>by H\u00e9l\u00e8ne<\/span><\/span><\/div><\/div><\/figcaption><\/figure><\/a><!--end av-masonry entry--><a href=\"https:\/\/www.germanopratines.fr\/en\/culture\/museums\/musee-des-arts-decoratifs-mad\/\"  id='av-masonry-1-item-87296' data-av-masonry-item='87296' class='av-masonry-entry isotope-item post-87296 post type-post status-publish format-standard has-post-thumbnail hentry category-museums  av-masonry-item-with-image' title=\"Panorama_musee_des_arts_decoratifs\"   itemscope=\"itemscope\" itemtype=\"https:\/\/schema.org\/CreativeWork\" ><div class='av-inner-masonry-sizer'><\/div><figure class='av-inner-masonry main_color'><div class=\"av-masonry-outerimage-container\"><div class='av-masonry-image-container' style=\"background-image: url(https:\/\/www.germanopratines.fr\/wp-content\/uploads\/2018\/02\/Panorama_musee_des_arts_decoratifs-705x428.jpg);\"  title=\"Panorama_musee_des_arts_decoratifs\"  ><\/div><\/div><figcaption class='av-inner-masonry-content site-background'><div class='av-inner-masonry-content-pos'><div class='av-inner-masonry-content-pos-content'><div class='avia-arrow'><\/div><div class=\"conteneur-category\"><span class=\"category-post\" alt=\"View all posts in Museums\">Museums<\/span><\/div><h3 class='av-masonry-entry-title entry-title '  itemprop=\"headline\" >MUSEE DES ARTS DECORATIFS &#8211; MAD<\/h3><span class='av-masonry-date meta-color updated'>6 February 2018<\/span><span class=\"av-masonry-text-sep text-sep-author\">\/<\/span><span class='av-masonry-author meta-color author'><span class='fn'>by H\u00e9l\u00e8ne<\/span><\/span><\/div><\/div><\/figcaption><\/figure><\/a><!--end av-masonry entry--><a href=\"https:\/\/www.germanopratines.fr\/en\/culture\/museums\/musee-du-louvre\/\"  id='av-masonry-1-item-87281' data-av-masonry-item='87281' class='av-masonry-entry isotope-item post-87281 post type-post status-publish format-standard has-post-thumbnail hentry category-museums  av-masonry-item-with-image' title=\"MUSEE DU LOUVRE Paris\"   itemscope=\"itemscope\" itemtype=\"https:\/\/schema.org\/CreativeWork\" ><div class='av-inner-masonry-sizer'><\/div><figure class='av-inner-masonry main_color'><div class=\"av-masonry-outerimage-container\"><div class='av-masonry-image-container' style=\"background-image: url(https:\/\/www.germanopratines.fr\/wp-content\/uploads\/2018\/01\/MUSEE-DU-LOUVRE-Paris-705x529.jpg);\"  title=\"MUSEE DU LOUVRE Paris\"  ><\/div><\/div><figcaption class='av-inner-masonry-content site-background'><div class='av-inner-masonry-content-pos'><div class='av-inner-masonry-content-pos-content'><div class='avia-arrow'><\/div><div class=\"conteneur-category\"><span class=\"category-post\" alt=\"View all posts in Museums\">Museums<\/span><\/div><h3 class='av-masonry-entry-title entry-title '  itemprop=\"headline\" >MUSEE DU LOUVRE<\/h3><span class='av-masonry-date meta-color updated'>6 February 2018<\/span><span class=\"av-masonry-text-sep text-sep-author\">\/<\/span><span class='av-masonry-author meta-color author'><span class='fn'>by H\u00e9l\u00e8ne<\/span><\/span><\/div><\/div><\/figcaption><\/figure><\/a><!--end av-masonry entry--><a href=\"https:\/\/www.germanopratines.fr\/en\/culture\/museums\/musee-rodin-2\/\"  id='av-masonry-1-item-27954' data-av-masonry-item='27954' class='av-masonry-entry isotope-item post-27954 post type-post status-publish format-standard has-post-thumbnail hentry category-museums  av-masonry-item-with-image' title=\"MUSEE RODIN\"   itemscope=\"itemscope\" itemtype=\"https:\/\/schema.org\/CreativeWork\" ><div class='av-inner-masonry-sizer'><\/div><figure class='av-inner-masonry main_color'><div class=\"av-masonry-outerimage-container\"><div class='av-masonry-image-container' style=\"background-image: url(https:\/\/www.germanopratines.fr\/wp-content\/uploads\/2012\/04\/Auguste_Rodin-Adam-Mus\u00e9e_Rodin-768x1024-529x705.jpg);\"  title=\"MUSEE RODIN\"   alt=\"MUSEE RODIN, MUSEES PARIS\" ><\/div><\/div><figcaption class='av-inner-masonry-content site-background'><div class='av-inner-masonry-content-pos'><div class='av-inner-masonry-content-pos-content'><div class='avia-arrow'><\/div><div class=\"conteneur-category\"><span class=\"category-post\" alt=\"View all posts in Museums\">Museums<\/span><\/div><h3 class='av-masonry-entry-title entry-title '  itemprop=\"headline\" >MUSEE RODIN<\/h3><span class='av-masonry-date meta-color updated'>7 April 2015<\/span><span class=\"av-masonry-text-sep text-sep-author\">\/<\/span><span class='av-masonry-author meta-color author'><span class='fn'>by H\u00e9l\u00e8ne<\/span><\/span><\/div><\/div><\/figcaption><\/figure><\/a><!--end av-masonry entry--><a href=\"https:\/\/www.germanopratines.fr\/en\/culture\/museums\/musee-dorsay\/\"  id='av-masonry-1-item-27964' data-av-masonry-item='27964' class='av-masonry-entry isotope-item post-27964 post type-post status-publish format-standard has-post-thumbnail hentry category-museums  av-masonry-item-with-image' title=\"Das Mus\u00e9e d\u2019Orsay im ehemaligen Gare d\u2019Orsay an der Seine in Paris, Frankreich, zeigt Gem\u00e4lde und Skulpturen weltber\u00fchmter franz\u00f6sischer K\u00fcnstler\"   itemscope=\"itemscope\" itemtype=\"https:\/\/schema.org\/CreativeWork\" ><div class='av-inner-masonry-sizer'><\/div><figure class='av-inner-masonry main_color'><div class=\"av-masonry-outerimage-container\"><div class='av-masonry-image-container' style=\"background-image: url(https:\/\/www.germanopratines.fr\/wp-content\/uploads\/2012\/04\/Musee-dOrsay-705x470.jpg);\"  title=\"Das Mus\u00e9e d\u2019Orsay im ehemaligen Gare d\u2019Orsay an der Seine in Paris, Frankreich, zeigt Gem\u00e4lde und Skulpturen weltber\u00fchmter franz\u00f6sischer K\u00fcnstler\"  ><\/div><\/div><figcaption class='av-inner-masonry-content site-background'><div class='av-inner-masonry-content-pos'><div class='av-inner-masonry-content-pos-content'><div class='avia-arrow'><\/div><div class=\"conteneur-category\"><span class=\"category-post\" alt=\"View all posts in Museums\">Museums<\/span><\/div><h3 class='av-masonry-entry-title entry-title '  itemprop=\"headline\" >MUSEE D\u2019ORSAY<\/h3><span class='av-masonry-date meta-color updated'>7 April 2012<\/span><span class=\"av-masonry-text-sep text-sep-author\">\/<\/span><span class='av-masonry-author meta-color author'><span class='fn'>by H\u00e9l\u00e8ne<\/span><\/span><\/div><\/div><\/figcaption><\/figure><\/a><!--end av-masonry entry--><a href=\"https:\/\/www.germanopratines.fr\/en\/culture\/museums\/institut-du-monde-arabe-2\/\"  id='av-masonry-1-item-27960' data-av-masonry-item='27960' class='av-masonry-entry isotope-item post-27960 post type-post status-publish format-standard has-post-thumbnail hentry category-museums  av-masonry-item-with-image' title=\"Photographie de l&#8217;Institut du monde arabe \u00e0 Paris, en 20\"   itemscope=\"itemscope\" itemtype=\"https:\/\/schema.org\/CreativeWork\" ><div class='av-inner-masonry-sizer'><\/div><figure class='av-inner-masonry main_color'><div class=\"av-masonry-outerimage-container\"><div class='av-masonry-image-container' style=\"background-image: url(https:\/\/www.germanopratines.fr\/wp-content\/uploads\/2010\/06\/INSTITUT-DU-MONDE-ARABE.jpg);\"  title=\"Photographie de l&#8217;Institut du monde arabe \u00e0 Paris, en 20\"  ><\/div><\/div><figcaption class='av-inner-masonry-content site-background'><div class='av-inner-masonry-content-pos'><div class='av-inner-masonry-content-pos-content'><div class='avia-arrow'><\/div><div class=\"conteneur-category\"><span class=\"category-post\" alt=\"View all posts in Museums\">Museums<\/span><\/div><h3 class='av-masonry-entry-title entry-title '  itemprop=\"headline\" >INSTITUT DU MONDE ARABE<\/h3><span class='av-masonry-date meta-color updated'>7 April 2012<\/span><span class=\"av-masonry-text-sep text-sep-author\">\/<\/span><span class='av-masonry-author meta-color author'><span class='fn'>by H\u00e9l\u00e8ne<\/span><\/span><\/div><\/div><\/figcaption><\/figure><\/a><!--end av-masonry entry--><a href=\"https:\/\/www.germanopratines.fr\/en\/culture\/museums\/musee-delacroix-2\/\"  id='av-masonry-1-item-27944' data-av-masonry-item='27944' class='av-masonry-entry isotope-item post-27944 post type-post status-publish format-standard has-post-thumbnail hentry category-museums tag-saint-germain-des-pres tag-saint-germain-des-pres-en  av-masonry-item-with-image' title=\"mus\u00e9e delacroix paris\"   itemscope=\"itemscope\" itemtype=\"https:\/\/schema.org\/CreativeWork\" ><div class='av-inner-masonry-sizer'><\/div><figure class='av-inner-masonry main_color'><div class=\"av-masonry-outerimage-container\"><div class='av-masonry-image-container' style=\"background-image: url(https:\/\/www.germanopratines.fr\/wp-content\/uploads\/2010\/06\/mus\u00e9e-delacroix.jpg);\"  title=\"mus\u00e9e delacroix paris\"  ><\/div><\/div><figcaption class='av-inner-masonry-content site-background'><div class='av-inner-masonry-content-pos'><div class='av-inner-masonry-content-pos-content'><div class='avia-arrow'><\/div><div class=\"conteneur-category\"><span class=\"category-post\" alt=\"View all posts in Museums\">Museums<\/span><\/div><h3 class='av-masonry-entry-title entry-title '  itemprop=\"headline\" >MUSEE DELACROIX<\/h3><span class='av-masonry-date meta-color updated'>7 April 2012<\/span><span class=\"av-masonry-text-sep text-sep-author\">\/<\/span><span class='av-masonry-author meta-color author'><span class='fn'>by H\u00e9l\u00e8ne<\/span><\/span><\/div><\/div><\/figcaption><\/figure><\/a><!--end av-masonry entry--><a href=\"https:\/\/www.germanopratines.fr\/en\/culture\/museums\/musee-maillol-2\/\"  id='av-masonry-1-item-27937' data-av-masonry-item='27937' class='av-masonry-entry isotope-item post-27937 post type-post status-publish format-standard has-post-thumbnail hentry category-a-la-une category-museums tag-rue-de-grenelle tag-rue-de-grenelle-en tag-sevres-babylone tag-sevres-babylone-en  av-masonry-item-with-image' title=\"MUSEE MAILLOL PARIS\"   itemscope=\"itemscope\" itemtype=\"https:\/\/schema.org\/CreativeWork\" ><div class='av-inner-masonry-sizer'><\/div><figure class='av-inner-masonry main_color'><div class=\"av-masonry-outerimage-container\"><div class='av-masonry-image-container' style=\"background-image: url(https:\/\/www.germanopratines.fr\/wp-content\/uploads\/2010\/06\/20090212maillol1.jpg);\"  title=\"MUSEE MAILLOL PARIS\"  ><\/div><\/div><figcaption class='av-inner-masonry-content site-background'><div class='av-inner-masonry-content-pos'><div class='av-inner-masonry-content-pos-content'><div class='avia-arrow'><\/div><div class=\"conteneur-category\"><span class=\"category-post\" alt=\"View all posts in A la Une\">A la Une<\/span><\/div> <div class=\"conteneur-category\"><span class=\"category-post\" alt=\"View all posts in Museums\">Museums<\/span><\/div><h3 class='av-masonry-entry-title entry-title '  itemprop=\"headline\" >MUSEE MAILLOL<\/h3><span class='av-masonry-date meta-color updated'>7 April 2012<\/span><span class=\"av-masonry-text-sep text-sep-author\">\/<\/span><span class='av-masonry-author meta-color author'><span class='fn'>by H\u00e9l\u00e8ne<\/span><\/span><\/div><\/div><\/figcaption><\/figure><\/a><!--end av-masonry entry--><a href=\"https:\/\/www.germanopratines.fr\/en\/culture\/museums\/musee-du-quai-branly-2\/\"  id='av-masonry-1-item-27930' data-av-masonry-item='27930' class='av-masonry-entry isotope-item post-27930 post type-post status-publish format-standard has-post-thumbnail hentry category-museums  av-masonry-item-with-image' title=\"quai_branly\"   itemscope=\"itemscope\" itemtype=\"https:\/\/schema.org\/CreativeWork\" ><div class='av-inner-masonry-sizer'><\/div><figure class='av-inner-masonry main_color'><div class=\"av-masonry-outerimage-container\"><div class='av-masonry-image-container' style=\"background-image: url(https:\/\/www.germanopratines.fr\/wp-content\/uploads\/2010\/06\/quai_branly_Ymago_11355.jpg);\"  title=\"quai_branly\"  ><\/div><\/div><figcaption class='av-inner-masonry-content site-background'><div class='av-inner-masonry-content-pos'><div class='av-inner-masonry-content-pos-content'><div class='avia-arrow'><\/div><div class=\"conteneur-category\"><span class=\"category-post\" alt=\"View all posts in Museums\">Museums<\/span><\/div><h3 class='av-masonry-entry-title entry-title '  itemprop=\"headline\" >MUSEE DU QUAI BRANLY<\/h3><span class='av-masonry-date meta-color updated'>7 April 2012<\/span><span class=\"av-masonry-text-sep text-sep-author\">\/<\/span><span class='av-masonry-author meta-color author'><span class='fn'>by H\u00e9l\u00e8ne<\/span><\/span><\/div><\/div><\/figcaption><\/figure><\/a><!--end av-masonry entry--><a href=\"https:\/\/www.germanopratines.fr\/en\/culture\/museums\/musee-du-moyen-age-2\/\"  id='av-masonry-1-item-27900' data-av-masonry-item='27900' class='av-masonry-entry isotope-item post-27900 post type-post status-publish format-standard has-post-thumbnail hentry category-museums tag-saint-michel  av-masonry-item-with-image' title=\"Musee_de_Cluny_\"   itemscope=\"itemscope\" itemtype=\"https:\/\/schema.org\/CreativeWork\" ><div class='av-inner-masonry-sizer'><\/div><figure class='av-inner-masonry main_color'><div class=\"av-masonry-outerimage-container\"><div class='av-masonry-image-container' style=\"background-image: url(https:\/\/www.germanopratines.fr\/wp-content\/uploads\/2010\/12\/Musee_de_Cluny_1.jpg);\"  title=\"Musee_de_Cluny_\"  ><\/div><\/div><figcaption class='av-inner-masonry-content site-background'><div class='av-inner-masonry-content-pos'><div class='av-inner-masonry-content-pos-content'><div class='avia-arrow'><\/div><div class=\"conteneur-category\"><span class=\"category-post\" alt=\"View all posts in Museums\">Museums<\/span><\/div><h3 class='av-masonry-entry-title entry-title '  itemprop=\"headline\" >MUSEE DE CLUNY<\/h3><span class='av-masonry-date meta-color updated'>7 April 2012<\/span><span class=\"av-masonry-text-sep text-sep-author\">\/<\/span><span class='av-masonry-author meta-color author'><span class='fn'>by H\u00e9l\u00e8ne<\/span><\/span><\/div><\/div><\/figcaption><\/figure><\/a><!--end av-masonry entry--><a href=\"https:\/\/www.germanopratines.fr\/en\/culture\/museums\/musee-bourdelle-2\/\"  id='av-masonry-1-item-27889' data-av-masonry-item='27889' class='av-masonry-entry isotope-item post-27889 post type-post status-publish format-standard has-post-thumbnail hentry category-museums  av-masonry-item-with-image' title=\"Mus\u00e9e Bourdelle Paris &#8211; L&#8217;Atelier\"   itemscope=\"itemscope\" itemtype=\"https:\/\/schema.org\/CreativeWork\" ><div class='av-inner-masonry-sizer'><\/div><figure class='av-inner-masonry main_color'><div class=\"av-masonry-outerimage-container\"><div class='av-masonry-image-container' style=\"background-image: url(https:\/\/www.germanopratines.fr\/wp-content\/uploads\/2019\/07\/Mus\u00e9e-Bourdelle-Paris-LAtelier-705x529.jpg);\"  title=\"Mus\u00e9e Bourdelle Paris &#8211; L&#8217;Atelier\"  ><\/div><\/div><figcaption class='av-inner-masonry-content site-background'><div class='av-inner-masonry-content-pos'><div class='av-inner-masonry-content-pos-content'><div class='avia-arrow'><\/div><div class=\"conteneur-category\"><span class=\"category-post\" alt=\"View all posts in Museums\">Museums<\/span><\/div><h3 class='av-masonry-entry-title entry-title '  itemprop=\"headline\" >MUSEE BOURDELLE<\/h3><span class='av-masonry-date meta-color updated'>7 April 2012<\/span><span class=\"av-masonry-text-sep text-sep-author\">\/<\/span><span class='av-masonry-author meta-color author'><span class='fn'>by H\u00e9l\u00e8ne<\/span><\/span><\/div><\/div><\/figcaption><\/figure><\/a><!--end av-masonry entry--><a href=\"https:\/\/www.germanopratines.fr\/en\/culture\/museums\/maison-de-la-culture-du-japon-2\/\"  id='av-masonry-1-item-27880' data-av-masonry-item='27880' class='av-masonry-entry isotope-item post-27880 post type-post status-publish format-standard has-post-thumbnail hentry category-museums  av-masonry-item-with-image' title=\"MAISON DE LA CULTURE DU JAPON\"   itemscope=\"itemscope\" itemtype=\"https:\/\/schema.org\/CreativeWork\" ><div class='av-inner-masonry-sizer'><\/div><figure class='av-inner-masonry main_color'><div class=\"av-masonry-outerimage-container\"><div class='av-masonry-image-container' style=\"background-image: url(https:\/\/www.germanopratines.fr\/wp-content\/uploads\/2011\/05\/MAISON-DE-LA-CULTURE-DU-JAPON.jpg);\"  title=\"MAISON DE LA CULTURE DU JAPON\"  ><\/div><\/div><figcaption class='av-inner-masonry-content site-background'><div class='av-inner-masonry-content-pos'><div class='av-inner-masonry-content-pos-content'><div class='avia-arrow'><\/div><div class=\"conteneur-category\"><span class=\"category-post\" alt=\"View all posts in Museums\">Museums<\/span><\/div><h3 class='av-masonry-entry-title entry-title '  itemprop=\"headline\" >MAISON DE LA CULTURE DU JAPON<\/h3><span class='av-masonry-date meta-color updated'>7 April 2012<\/span><span class=\"av-masonry-text-sep text-sep-author\">\/<\/span><span class='av-masonry-author meta-color author'><span class='fn'>by H\u00e9l\u00e8ne<\/span><\/span><\/div><\/div><\/figcaption><\/figure><\/a><!--end av-masonry entry--><a href=\"https:\/\/www.germanopratines.fr\/en\/culture\/museums\/jeu-de-paume\/\"  id='av-masonry-1-item-87290' data-av-masonry-item='87290' class='av-masonry-entry isotope-item post-87290 post type-post status-publish format-standard has-post-thumbnail hentry category-museums  av-masonry-item-with-image' title=\"B0156P 0095\"   itemscope=\"itemscope\" itemtype=\"https:\/\/schema.org\/CreativeWork\" ><div class='av-inner-masonry-sizer'><\/div><figure class='av-inner-masonry main_color'><div class=\"av-masonry-outerimage-container\"><div class='av-masonry-image-container' style=\"background-image: url(https:\/\/www.germanopratines.fr\/wp-content\/uploads\/2018\/02\/4560145601_8342f62c71.jpg);\"  title=\"B0156P 0095\"  ><\/div><\/div><figcaption class='av-inner-masonry-content site-background'><div class='av-inner-masonry-content-pos'><div class='av-inner-masonry-content-pos-content'><div class='avia-arrow'><\/div><div class=\"conteneur-category\"><span class=\"category-post\" alt=\"View all posts in Museums\">Museums<\/span><\/div><h3 class='av-masonry-entry-title entry-title '  itemprop=\"headline\" >JEU DE PAUME<\/h3><span class='av-masonry-date meta-color updated'>6 February 2012<\/span><span class=\"av-masonry-text-sep text-sep-author\">\/<\/span><span class='av-masonry-author meta-color author'><span class='fn'>by H\u00e9l\u00e8ne<\/span><\/span><\/div><\/div><\/figcaption><\/figure><\/a><!--end av-masonry entry--><a href=\"https:\/\/www.germanopratines.fr\/en\/culture\/museums\/ecole-nationale-superieure-des-beaux-arts-2\/\"  id='av-masonry-1-item-27816' data-av-masonry-item='27816' class='av-masonry-entry isotope-item post-27816 post type-post status-publish format-standard has-post-thumbnail hentry category-museums tag-saint-germain-des-pres-en tag-saint-germain-des-pres  av-masonry-item-with-image' title=\"ENSBA\"   itemscope=\"itemscope\" itemtype=\"https:\/\/schema.org\/CreativeWork\" ><div class='av-inner-masonry-sizer'><\/div><figure class='av-inner-masonry main_color'><div class=\"av-masonry-outerimage-container\"><div class='av-masonry-image-container' style=\"background-image: url(https:\/\/www.germanopratines.fr\/wp-content\/uploads\/2011\/02\/20090325-ENSBA-litho-e3821.jpg);\"  title=\"ENSBA\"  ><\/div><\/div><figcaption class='av-inner-masonry-content site-background'><div class='av-inner-masonry-content-pos'><div class='av-inner-masonry-content-pos-content'><div class='avia-arrow'><\/div><div class=\"conteneur-category\"><span class=\"category-post\" alt=\"View all posts in Museums\">Museums<\/span><\/div><h3 class='av-masonry-entry-title entry-title '  itemprop=\"headline\" >PALAIS DES BEAUX-ARTS<\/h3><span class='av-masonry-date meta-color updated'>10 January 2012<\/span><span class=\"av-masonry-text-sep text-sep-author\">\/<\/span><span class='av-masonry-author meta-color author'><span class='fn'>by H\u00e9l\u00e8ne<\/span><\/span><\/div><\/div><\/figcaption><\/figure><\/a><!--end av-masonry entry--><a href=\"https:\/\/www.germanopratines.fr\/en\/culture\/museums\/musee-du-luxembourg-2\/\"  id='av-masonry-1-item-27898' data-av-masonry-item='27898' class='av-masonry-entry isotope-item post-27898 post type-post status-publish format-standard has-post-thumbnail hentry category-museums  av-masonry-item-with-image' title=\"MUSEE DU LUXEMBOURG\"   itemscope=\"itemscope\" itemtype=\"https:\/\/schema.org\/CreativeWork\" ><div class='av-inner-masonry-sizer'><\/div><figure class='av-inner-masonry main_color'><div class=\"av-masonry-outerimage-container\"><div class='av-masonry-image-container' style=\"background-image: url(https:\/\/www.germanopratines.fr\/wp-content\/uploads\/2011\/01\/MUSEE-DU-LUXEMBOURG.png);\"  title=\"MUSEE DU LUXEMBOURG\"  ><\/div><\/div><figcaption class='av-inner-masonry-content site-background'><div class='av-inner-masonry-content-pos'><div class='av-inner-masonry-content-pos-content'><div class='avia-arrow'><\/div><div class=\"conteneur-category\"><span class=\"category-post\" alt=\"View all posts in Museums\">Museums<\/span><\/div><h3 class='av-masonry-entry-title entry-title '  itemprop=\"headline\" >MUSEE DU LUXEMBOURG<\/h3><span class='av-masonry-date meta-color updated'>7 April 2010<\/span><span class=\"av-masonry-text-sep text-sep-author\">\/<\/span><span class='av-masonry-author meta-color author'><span class='fn'>by H\u00e9l\u00e8ne<\/span><\/span><\/div><\/div><\/figcaption><\/figure><\/a><!--end av-masonry entry--><\/div><\/div><\/div>\n","protected":false},"excerpt":{"rendered":"","protected":false},"author":5,"featured_media":0,"parent":83484,"menu_order":0,"comment_status":"closed","ping_status":"closed","template":"","meta":[],"yoast_head":"<!-- This site is optimized with the Yoast SEO plugin v20.1 - https:\/\/yoast.com\/wordpress\/plugins\/seo\/ -->\n<title>Museums | Culture | City Guide \/ Paris \/ Saint-Germain des Pr\u00e9s \/ Saint-Honor\u00e9 \/ Louvre \/ Palais Royal | les Germanopratines<\/title>\n<meta name=\"robots\" content=\"index, follow, max-snippet:-1, max-image-preview:large, max-video-preview:-1\" \/>\n<link rel=\"canonical\" href=\"https:\/\/www.germanopratines.fr\/en\/culture\/museums\/\" \/>\n<meta property=\"og:locale\" content=\"en_US\" \/>\n<meta property=\"og:type\" content=\"article\" \/>\n<meta property=\"og:title\" content=\"Museums | Culture | City Guide \/ Paris \/ Saint-Germain des Pr\u00e9s \/ Saint-Honor\u00e9 \/ Louvre \/ Palais Royal | les Germanopratines\" \/>\n<meta property=\"og:url\" content=\"https:\/\/www.germanopratines.fr\/en\/culture\/museums\/\" \/>\n<meta property=\"og:site_name\" content=\"les Germanopratines\" \/>\n<meta property=\"article:publisher\" content=\"https:\/\/www.facebook.com\/lesGermanopratines\/\" \/>\n<meta property=\"article:modified_time\" content=\"2023-05-01T11:23:55+00:00\" \/>\n<meta name=\"twitter:card\" content=\"summary_large_image\" \/>\n<meta name=\"twitter:label1\" content=\"Est. reading time\" \/>\n\t<meta name=\"twitter:data1\" content=\"1 minute\" \/>\n<script type=\"application\/ld+json\" class=\"yoast-schema-graph\">{\"@context\":\"https:\/\/schema.org\",\"@graph\":[{\"@type\":\"WebPage\",\"@id\":\"https:\/\/www.germanopratines.fr\/en\/culture\/museums\/\",\"url\":\"https:\/\/www.germanopratines.fr\/en\/culture\/museums\/\",\"name\":\"Museums | Culture | City Guide \/ Paris \/ Saint-Germain des Pr\u00e9s \/ Saint-Honor\u00e9 \/ Louvre \/ Palais Royal | les Germanopratines\",\"isPartOf\":{\"@id\":\"https:\/\/www.germanopratines.fr\/#website\"},\"datePublished\":\"2018-01-17T15:46:29+00:00\",\"dateModified\":\"2023-05-01T11:23:55+00:00\",\"breadcrumb\":{\"@id\":\"https:\/\/www.germanopratines.fr\/en\/culture\/museums\/#breadcrumb\"},\"inLanguage\":\"en-US\",\"potentialAction\":[{\"@type\":\"ReadAction\",\"target\":[\"https:\/\/www.germanopratines.fr\/en\/culture\/museums\/\"]}]},{\"@type\":\"BreadcrumbList\",\"@id\":\"https:\/\/www.germanopratines.fr\/en\/culture\/museums\/#breadcrumb\",\"itemListElement\":[{\"@type\":\"ListItem\",\"position\":1,\"name\":\"Accueil\",\"item\":\"https:\/\/www.germanopratines.fr\/en\/home-2\/\"},{\"@type\":\"ListItem\",\"position\":2,\"name\":\"Culture\",\"item\":\"https:\/\/www.germanopratines.fr\/en\/culture\/\"},{\"@type\":\"ListItem\",\"position\":3,\"name\":\"Museums\"}]},{\"@type\":\"WebSite\",\"@id\":\"https:\/\/www.germanopratines.fr\/#website\",\"url\":\"https:\/\/www.germanopratines.fr\/\",\"name\":\"les Germanopratines\",\"description\":\"City Guide Paris - De Saint-Germain des pr\u00e9s au Palais Royal\",\"potentialAction\":[{\"@type\":\"SearchAction\",\"target\":{\"@type\":\"EntryPoint\",\"urlTemplate\":\"https:\/\/www.germanopratines.fr\/?s={search_term_string}\"},\"query-input\":\"required name=search_term_string\"}],\"inLanguage\":\"en-US\"}]}<\/script>\n<!-- \/ Yoast SEO plugin. -->","yoast_head_json":{"title":"Museums | Culture | City Guide \/ Paris \/ Saint-Germain des Pr\u00e9s \/ Saint-Honor\u00e9 \/ Louvre \/ Palais Royal | les Germanopratines","robots":{"index":"index","follow":"follow","max-snippet":"max-snippet:-1","max-image-preview":"max-image-preview:large","max-video-preview":"max-video-preview:-1"},"canonical":"https:\/\/www.germanopratines.fr\/en\/culture\/museums\/","og_locale":"en_US","og_type":"article","og_title":"Museums | Culture | City Guide \/ Paris \/ Saint-Germain des Pr\u00e9s \/ Saint-Honor\u00e9 \/ Louvre \/ Palais Royal | les Germanopratines","og_url":"https:\/\/www.germanopratines.fr\/en\/culture\/museums\/","og_site_name":"les Germanopratines","article_publisher":"https:\/\/www.facebook.com\/lesGermanopratines\/","article_modified_time":"2023-05-01T11:23:55+00:00","twitter_card":"summary_large_image","twitter_misc":{"Est. reading time":"1 minute"},"schema":{"@context":"https:\/\/schema.org","@graph":[{"@type":"WebPage","@id":"https:\/\/www.germanopratines.fr\/en\/culture\/museums\/","url":"https:\/\/www.germanopratines.fr\/en\/culture\/museums\/","name":"Museums | Culture | City Guide \/ Paris \/ Saint-Germain des Pr\u00e9s \/ Saint-Honor\u00e9 \/ Louvre \/ Palais Royal | les Germanopratines","isPartOf":{"@id":"https:\/\/www.germanopratines.fr\/#website"},"datePublished":"2018-01-17T15:46:29+00:00","dateModified":"2023-05-01T11:23:55+00:00","breadcrumb":{"@id":"https:\/\/www.germanopratines.fr\/en\/culture\/museums\/#breadcrumb"},"inLanguage":"en-US","potentialAction":[{"@type":"ReadAction","target":["https:\/\/www.germanopratines.fr\/en\/culture\/museums\/"]}]},{"@type":"BreadcrumbList","@id":"https:\/\/www.germanopratines.fr\/en\/culture\/museums\/#breadcrumb","itemListElement":[{"@type":"ListItem","position":1,"name":"Accueil","item":"https:\/\/www.germanopratines.fr\/en\/home-2\/"},{"@type":"ListItem","position":2,"name":"Culture","item":"https:\/\/www.germanopratines.fr\/en\/culture\/"},{"@type":"ListItem","position":3,"name":"Museums"}]},{"@type":"WebSite","@id":"https:\/\/www.germanopratines.fr\/#website","url":"https:\/\/www.germanopratines.fr\/","name":"les Germanopratines","description":"City Guide Paris - De Saint-Germain des pr\u00e9s au Palais Royal","potentialAction":[{"@type":"SearchAction","target":{"@type":"EntryPoint","urlTemplate":"https:\/\/www.germanopratines.fr\/?s={search_term_string}"},"query-input":"required name=search_term_string"}],"inLanguage":"en-US"}]}},"_links":{"self":[{"href":"https:\/\/www.germanopratines.fr\/en\/wp-json\/wp\/v2\/pages\/83513"}],"collection":[{"href":"https:\/\/www.germanopratines.fr\/en\/wp-json\/wp\/v2\/pages"}],"about":[{"href":"https:\/\/www.germanopratines.fr\/en\/wp-json\/wp\/v2\/types\/page"}],"author":[{"embeddable":true,"href":"https:\/\/www.germanopratines.fr\/en\/wp-json\/wp\/v2\/users\/5"}],"replies":[{"embeddable":true,"href":"https:\/\/www.germanopratines.fr\/en\/wp-json\/wp\/v2\/comments?post=83513"}],"version-history":[{"count":4,"href":"https:\/\/www.germanopratines.fr\/en\/wp-json\/wp\/v2\/pages\/83513\/revisions"}],"predecessor-version":[{"id":127203,"href":"https:\/\/www.germanopratines.fr\/en\/wp-json\/wp\/v2\/pages\/83513\/revisions\/127203"}],"up":[{"embeddable":true,"href":"https:\/\/www.germanopratines.fr\/en\/wp-json\/wp\/v2\/pages\/83484"}],"wp:attachment":[{"href":"https:\/\/www.germanopratines.fr\/en\/wp-json\/wp\/v2\/media?parent=83513"}],"curies":[{"name":"wp","href":"https:\/\/api.w.org\/{rel}","templated":true}]}}